{"id":1366,"date":"2023-04-15T14:44:55","date_gmt":"2023-04-15T12:44:55","guid":{"rendered":"https:\/\/avivo-ch.ch\/?page_id=1366"},"modified":"2023-04-15T15:52:22","modified_gmt":"2023-04-15T13:52:22","slug":"hommage-a-marco-medici","status":"publish","type":"page","link":"https:\/\/avivo-ch.ch\/it\/hommage-a-marco-medici\/","title":{"rendered":"Hommage \u00e0 Marco Medici"},"content":{"rendered":"<p><img loading=\"lazy\" decoding=\"async\" class=\"wp-image-371 aligncenter\" src=\"https:\/\/avivo-ch.ch\/wp-content\/uploads\/2023\/04\/Marco-Medici.jpg\" width=\"298\" height=\"223\" \/><\/p>\n<p style=\"font-size: 12px; text-align: center;\">Marco \u00e0 l\u2019AG de l\u2019AVIVO Suisse le 8 juin 2022 \u00e0 Yverdon-les-Bains (Photo: Ueli Leuenberger)<\/p>\n<p style=\"font-size: 30px; text-align: center;\"><span style=\"color: #ff0000;\"><strong>Marco Medici\u00a0\u2020 <\/strong><\/span><\/p>\n<p style=\"text-align: center;\"><em>Hommage prononc\u00e9 par Christiane Jaquet-Berger, pr\u00e9sidente de l&#8217;AVIVO Suisse<\/em><\/p>\n<p>L\u2019annonce du d\u00e9c\u00e8s de Marco nous a boulevers\u00e9s. C\u2019est le c\u0153ur serr\u00e9 que je suis parmi vous pour vous dire l\u2019\u00e9motion et la sympathie de l\u2019AVIVO suisse.<\/p>\n<p>Marco \u00e9tait notre tr\u00e8s actif vice pr\u00e9sident et aussi le pr\u00e9sident de la section de Zurich. Il ne m\u00e9nageait ni son temps, ni son engagement et participait avec l\u2019\u00e9nergie qui le caract\u00e9risait aux diverses rencontres dans le pays, tout sp\u00e9cialement lors des s\u00e9ances de Comit\u00e9 et de Bureau \u00e0 Lausanne.<\/p>\n<p>Ses interventions fermes et avis\u00e9es faisaient qu\u2019une rencontre avec lui n\u2019\u00e9tait jamais banale. Sa force de conviction et la justesse de ses r\u00e9flexions se conjuguaient avec son souci de d\u00e9velopper la solidarit\u00e9 et la justice. G\u00e9n\u00e9reux, chaleureux, cordial et toujours courageux, Marco appliquait dans sa vie quotidienne les valeurs qui le conduisaient \u00e0 agir.<\/p>\n<p>Marco a marqu\u00e9 l\u2019AVIVO de sa personnalit\u00e9, de sa droiture et de son d\u00e9vouement.<\/p>\n<p>Au del\u00e0 de son engagement sans faille pour l\u2019AVIVO et de ses profondes convictions politiques, Marco partageait une vie de famille qui le rendait heureux. \u00a0Ch\u00e8re Susanne, c\u2019\u00e9tait toujours un plaisir de vous retrouver tous deux ensemble lors de moments conviviaux et nous savons aussi \u00a0combien Marco \u00e9tait fier de ses filles.<\/p>\n<p>Nous sommes touch\u00e9s par la disparition d\u2019un ami fid\u00e8le et pr\u00e9cieux. Nous sommes reconnaissants d\u2019avoir pu partager avec lui tant de moments et de luttes. \u00a0Et nous savons que sa m\u00e9moire vivra parmi nous gr\u00e2ce aux contributions \u00a0qu\u2019il nous a apport\u00e9es sans faille .<\/p>\n<p>Merci Marco! Salut camarade! Tu nous manques d\u00e9j\u00e0!<\/p>\n","protected":false},"excerpt":{"rendered":"<p>Marco \u00e0 l\u2019AG de l\u2019AVIVO Suisse le 8 juin 2022 \u00e0 Yverdon-les-Bains (Photo: Ueli Leuenberger) Marco Medici\u00a0\u2020 Hommage prononc\u00e9 par Christiane Jaquet-Berger, pr\u00e9sidente de l&#8217;AVIVO Suisse L\u2019annonce du d\u00e9c\u00e8s de Marco nous a boulevers\u00e9s. C\u2019est le c\u0153ur serr\u00e9 que je suis parmi vous pour vous dire l\u2019\u00e9motion et la sympathie de l\u2019AVIVO suisse. Marco \u00e9tait &hellip; <a href=\"https:\/\/avivo-ch.ch\/it\/hommage-a-marco-medici\/\" class=\"more-link\">Continue reading <span class=\"screen-reader-text\">Hommage \u00e0 Marco Medici<\/span> <span class=\"meta-nav\">&rarr;<\/span><\/a><\/p>\n","protected":false},"author":3,"featured_media":0,"parent":0,"menu_order":0,"comment_status":"closed","ping_status":"closed","template":"","meta":{"inline_featured_image":false,"footnotes":""},"class_list":["post-1366","page","type-page","status-publish","hentry"],"translation":{"provider":"WPGlobus","version":"2.12.2","language":"it","enabled_languages":["de","fr","it"],"languages":{"de":{"title":true,"content":true,"excerpt":false},"fr":{"title":true,"content":true,"excerpt":false},"it":{"title":true,"content":true,"excerpt":false}}},"jetpack_sharing_enabled":true,"_links":{"self":[{"href":"https:\/\/avivo-ch.ch\/it\/wp-json\/wp\/v2\/pages\/1366","targetHints":{"allow":["GET"]}}],"collection":[{"href":"https:\/\/avivo-ch.ch\/it\/wp-json\/wp\/v2\/pages"}],"about":[{"href":"https:\/\/avivo-ch.ch\/it\/wp-json\/wp\/v2\/types\/page"}],"author":[{"embeddable":true,"href":"https:\/\/avivo-ch.ch\/it\/wp-json\/wp\/v2\/users\/3"}],"replies":[{"embeddable":true,"href":"https:\/\/avivo-ch.ch\/it\/wp-json\/wp\/v2\/comments?post=1366"}],"version-history":[{"count":15,"href":"https:\/\/avivo-ch.ch\/it\/wp-json\/wp\/v2\/pages\/1366\/revisions"}],"predecessor-version":[{"id":1495,"href":"https:\/\/avivo-ch.ch\/it\/wp-json\/wp\/v2\/pages\/1366\/revisions\/1495"}],"wp:attachment":[{"href":"https:\/\/avivo-ch.ch\/it\/wp-json\/wp\/v2\/media?parent=1366"}],"curies":[{"name":"wp","href":"https:\/\/api.w.org\/{rel}","templated":true}]}}