{"id":1121,"date":"2020-05-13T21:07:27","date_gmt":"2020-05-13T19:07:27","guid":{"rendered":"https:\/\/avivo-ch.ch\/?page_id=1121"},"modified":"2020-11-26T15:50:10","modified_gmt":"2020-11-26T14:50:10","slug":"delegierten-versammlung-delemont-2020-2","status":"publish","type":"page","link":"https:\/\/avivo-ch.ch\/fr\/delegierten-versammlung-delemont-2020-2\/","title":{"rendered":"Assembl\u00e9e des d\u00e9l\u00e9gu\u00e9s, Del\u00e9mont, 2020"},"content":{"rendered":"<p>Ch\u00e8re lectrice, cher lecteur,<\/p>\n<p>Comme vous pouvez le voir dans le texte ci-dessous de Martin Rotenb\u00fchler, l&rsquo;assembl\u00e9e des d\u00e9l\u00e9gu\u00e9s 2020 de l&rsquo;AVIVO Suisse n&rsquo;a pas pu se tenir comme pr\u00e9vu \u00e0 Del\u00e9mont. Pour cause de Coronavirus, elle a eu lieu par correspondance.<\/p>\n<p>Voici le rapport d&rsquo;activit\u00e9 et les deux r\u00e9solutions qui ont \u00e9t\u00e9 vot\u00e9s.<\/p>\n<p><a href=\"https:\/\/avivo-ch.ch\/wp-content\/uploads\/2020\/11\/AVIVO-CH-rapport-activite\u0301-2020-Del\u00e9mont.pdf\" target=\"_blank\" rel=\"noopener noreferrer\">Rapport d&rsquo;activit\u00e9 2019-20<\/a><\/p>\n<p><a href=\"https:\/\/avivo-ch.ch\/wp-content\/uploads\/2020\/11\/AVIVO-CH-re\u0301solution-1-2020-\u00e2ge-de-la-retraite.pdf\" target=\" rel=\" rel=\"noopener noreferrer\">R\u00e9solution 1-2020 : NON \u00e0 toute augmentation de l&rsquo;\u00e2ge de la retraite!<\/a><\/p>\n<p><a href=\"https:\/\/avivo-ch.ch\/wp-content\/uploads\/2020\/11\/AVIVO-CH-re\u0301solution-2-2020-Covid.pdf\" target=\"_blank\" rel=\"noopener noreferrer\">R\u00e9solution 2-2020 : Covid 19 dans les EMS : plus jamais \u00e7a!<\/a><\/p>\n<p>Ch\u00e8res amies, chers amis,<\/p>\n<p>Aujourd\u2019hui, nous aurions d\u00fb \u00eatre r\u00e9unis dans la belle Del\u00e9mont pour l\u2019assembl\u00e9e des d\u00e9l\u00e9gu\u00e9s de l\u2019AVIVO suisse. A cette occasion, j\u2019aurais certainement pris la parole et exprim\u00e9 ma col\u00e8re et mon inqui\u00e9tude.<\/p>\n<p>Que dit si joliment le pr\u00e9ambule de notre Constitution f\u00e9d\u00e9rale ?\u00a0<em>\u00ab\u00a0Le peuple et les cantons suisses, (\u2026) sachant que (\u2026) arr\u00eatent la Constitution que voici.\u00a0\u00bb<\/em><\/p>\n<p>Le bien-\u00eatre du plus faible\u00a0?<\/p>\n<p>Qui sont les plus faibles en ce moment\u00a0? Nous les trouvons dans les EMS, dans des prisons, des centres d\u2019asile, dans la rue pour les sans abri et les sans papiers. Ce sont aussi les personnes en situation de handicap, les personnes \u00e2g\u00e9es, les pauvres, les apatrides, les prisonniers, les ch\u00f4meurs de longue dur\u00e9e\u2026<\/p>\n<p>C\u2019est une honte de voir comment ces personnes faibles sont trait\u00e9es en ce moment de crise. Si, par exemple,\u00a0la force d\u2019une communaut\u00e9 se mesure au bien-\u00eatre des r\u00e9sidents plus \u00e2g\u00e9s en EMS, cette force n\u2019est pas tr\u00e8s grande. Nos parents et amis y ont \u00e9t\u00e9 frapp\u00e9s d\u2019incapacit\u00e9 pendant des semaines, isol\u00e9s, laiss\u00e9s seuls dans leurs petites chambres, parfois m\u00eame sans balcon.<\/p>\n<p>Oui bien s\u00fbr, je sais, je sais. Les EMS sont sous pression pour des raisons d\u2019\u00e9conomies. Il y a une p\u00e9nurie de personnel, il y a une p\u00e9nurie de main d\u2019\u0153uvre qualifi\u00e9e. Ce n\u2019est pas la mauvaise volont\u00e9 d\u2019un personnel surcharg\u00e9 qui conduit \u00e0 ces conditions scandaleuses. Les lacunes du syst\u00e8me actuel sont plus \u00e9videntes dans de telles situations de crise. Et la crise, comme toujours et partout, frappe d\u2019abord les plus vuln\u00e9rables et cela le plus violemment.<\/p>\n<p>Quoi qu\u2019il en soit, ce que j\u2019observe maintenant dans les EMS a renforc\u00e9 ma conviction qu\u2019une AVIVO forte, qui d\u00e9fend les valeurs fondamentales de la soci\u00e9t\u00e9 et les droits des personnes \u00e2g\u00e9es, continue \u00e0 \u00eatre un besoin urgent.<\/p>\n<p>Avec mes meilleures salutations\u00a0\u00a0\u00a0\u00a0\u00a0\u00a0\u00a0\u00a0\u00a0\u00a0\u00a0\u00a0\u00a0\u00a0\u00a0\u00a0\u00a0\u00a0\u00a0\u00a0\u00a0\u00a0\u00a0\u00a0\u00a0\u00a0\u00a0\u00a0\u00a0\u00a0\u00a0\u00a0\u00a0\u00a0\u00a0\u00a0\u00a0\u00a0\u00a0\u00a0\u00a0\u00a0 Martin Rothenb\u00fchler<\/p>\n<p>&nbsp;<\/p>\n","protected":false},"excerpt":{"rendered":"<p>Ch\u00e8re lectrice, cher lecteur, Comme vous pouvez le voir dans le texte ci-dessous de Martin Rotenb\u00fchler, l&rsquo;assembl\u00e9e des d\u00e9l\u00e9gu\u00e9s 2020 de l&rsquo;AVIVO Suisse n&rsquo;a pas pu se tenir comme pr\u00e9vu \u00e0 Del\u00e9mont. Pour cause de Coronavirus, elle a eu lieu par correspondance. Voici le rapport d&rsquo;activit\u00e9 et les deux r\u00e9solutions qui ont \u00e9t\u00e9 vot\u00e9s. Rapport &hellip; <a href=\"https:\/\/avivo-ch.ch\/fr\/delegierten-versammlung-delemont-2020-2\/\" class=\"more-link\">Continuer la lecture de <span class=\"screen-reader-text\">Assembl\u00e9e des d\u00e9l\u00e9gu\u00e9s, Del\u00e9mont, 2020<\/span> <span class=\"meta-nav\">&rarr;<\/span><\/a><\/p>\n","protected":false},"author":3,"featured_media":0,"parent":0,"menu_order":0,"comment_status":"closed","ping_status":"closed","template":"","meta":{"inline_featured_image":false,"footnotes":""},"class_list":["post-1121","page","type-page","status-publish","hentry"],"translation":{"provider":"WPGlobus","version":"2.12.2","language":"fr","enabled_languages":["de","fr","it"],"languages":{"de":{"title":true,"content":true,"excerpt":false},"fr":{"title":true,"content":true,"excerpt":false},"it":{"title":true,"content":true,"excerpt":false}}},"jetpack_sharing_enabled":true,"_links":{"self":[{"href":"https:\/\/avivo-ch.ch\/fr\/wp-json\/wp\/v2\/pages\/1121","targetHints":{"allow":["GET"]}}],"collection":[{"href":"https:\/\/avivo-ch.ch\/fr\/wp-json\/wp\/v2\/pages"}],"about":[{"href":"https:\/\/avivo-ch.ch\/fr\/wp-json\/wp\/v2\/types\/page"}],"author":[{"embeddable":true,"href":"https:\/\/avivo-ch.ch\/fr\/wp-json\/wp\/v2\/users\/3"}],"replies":[{"embeddable":true,"href":"https:\/\/avivo-ch.ch\/fr\/wp-json\/wp\/v2\/comments?post=1121"}],"version-history":[{"count":14,"href":"https:\/\/avivo-ch.ch\/fr\/wp-json\/wp\/v2\/pages\/1121\/revisions"}],"predecessor-version":[{"id":1508,"href":"https:\/\/avivo-ch.ch\/fr\/wp-json\/wp\/v2\/pages\/1121\/revisions\/1508"}],"wp:attachment":[{"href":"https:\/\/avivo-ch.ch\/fr\/wp-json\/wp\/v2\/media?parent=1121"}],"curies":[{"name":"wp","href":"https:\/\/api.w.org\/{rel}","templated":true}]}}